{"version":"1.0","provider_name":"Chez Sandra","provider_url":"https:\/\/chezsandra.cafeblog.hu","author_name":"ChezSandra","author_url":"https:\/\/chezsandra.cafeblog.hu\/author\/chezsandra\/","title":"MINDENMENTES men\u00fcsor","html":"<p style=\"text-align: justify\">Gondot jelent a napi men\u00fc kital\u00e1l\u00e1sa? A megszokott \u00edzeken t\u00fal egy kis v\u00e1ltozatoss\u00e1g kellene? Akkor neked is j\u00f3l j\u00f6het a mai <strong><em>glut\u00e9n-, liszt \u00e9s feh\u00e9r cukormentes men\u00fcaj\u00e1nl\u00f3<\/em><\/strong>!<\/p>\r\n<p style=\"text-align: justify\">(Receptet a linkre kattintva tal\u00e1ltok!)<\/p>\r\n<div>\u00a0<\/div>\r\n<div><a title=\"MINDENMENTES K\u00d3KUSZTEJES BORS\u00d3KR\u00c9MLEVES (glut\u00e9n-, liszt-, tej-, toj\u00e1s-, hozz\u00e1adott cukormentes)\" href=\"https:\/\/chezsandra.cafeblog.hu\/2012\/01\/14\/kokusztejes-borsokremleves\/\" target=\"_blank\">MINDENMENTES K\u00d3KUSZTEJES BORS\u00d3KR\u00c9MLEVES (glut\u00e9n-, liszt-, tej-, toj\u00e1s-, hozz\u00e1adott cukormentes)<\/a><\/div>\r\n<div><a title=\"Mindenmentes hamis brass\u00f3i zellerb\u0151l\" href=\"https:\/\/chezsandra.cafeblog.hu\/2013\/03\/29\/hamis-brassoi-zellerbol\/\" target=\"_blank\">Mindenmentes hamis brass\u00f3i zellerb\u0151l<\/a><\/div>\r\n<div><a title=\"10 PERCES \u2013 B\u00dcNTETLEN \u2013 CSOKOL\u00c1D\u00c9KR\u00c9M (GLUT\u00c9N-, TEJ-, TOJ\u00c1SMENTES)\" href=\"https:\/\/chezsandra.cafeblog.hu\/2014\/02\/10\/10-perces-buntetlen-csokoladekrem-gluten-tej-tojasmentes\/\" target=\"_blank\">10 PERCES - B\u00dcNTETLEN - CSOKOL\u00c1D\u00c9KR\u00c9M (GLUT\u00c9N-, TEJ-, TOJ\u00c1SMENTES)\u00a0<\/a><\/div>\r\n<div>\u00a0<\/div>\r\n<div><a href=\"https:\/\/chezsandra.cafeblog.hu\/files\/2015\/03\/2015-03-15.jpg\"><img class=\"aligncenter size-large wp-image-4840\" src=\"https:\/\/chezsandra.cafeblog.hu\/files\/2015\/03\/2015-03-15-600x424.jpg\" alt=\"2015-03-15\" width=\"600\" height=\"424\" \/><\/a><\/div>\r\n<div>\u00a0<\/div>\r\n<div>\r\n<div><a href=\"https:\/\/www.facebook.com\/chezsandrag\" target=\"_blank\">Facebookon is ott vagyok, csatlakozz Hozz\u00e1m!<\/a><\/div>\r\n<div>\u00a0<\/div>\r\n<div>\u00a0<img class=\"aligncenter size-large wp-image-3534\" src=\"https:\/\/chezsandra.cafeblog.hu\/files\/2014\/06\/cs_fb-600x268.jpg\" alt=\"cs_fb\" width=\"600\" height=\"268\" \/><\/div>\r\n<\/div>","type":"rich"}