{"version":"1.0","provider_name":"Chez Sandra","provider_url":"https:\/\/chezsandra.cafeblog.hu","author_name":"ChezSandra","author_url":"https:\/\/chezsandra.cafeblog.hu\/author\/chezsandra\/","title":"ZABPELYHES POG\u00c1CSA","html":"<div>Valami gyors, finom, \u00e9s egyszer\u0171 s\u00f3s pog\u00e1cs\u00e1ra v\u00e1gytam. Valami olyanra ami habk\u00f6nny\u0171, \u00e9s nem kell \u00f3r\u00e1kon \u00e1t keleszteni. Expressz \u00e9leszt\u0151vel t\u00e9nyleg nagyon gyorsan k\u00e9szen lett, \u00e9s nagyon k\u00f6nny\u0171 is lett. \u00c9pp amilyenre v\u00e1gytam.\u00a0<\/div><div><br><\/div><div><a href=\"http:\/\/1.bp.blogspot.com\/-Hmhsqa2sTFw\/UeV2cmklLPI\/AAAAAAAAbf4\/rUG6lb9eFTc\/s1600\/pogi+fekvo.JPG\"><img border=\"0\" height=\"480\" src=\"https:\/\/chezsandra.cafeblog.hu\/files\/2013\/07\/pogi-fekvo.jpg\" width=\"640\"><\/a><\/div><div><br><\/div><br><div><b>HOZZ\u00c1VAL\u00d3K<\/b><\/div><br>250 gramm t\u00far\u00f3<br>80 gramm apr\u00f3 szem\u0171 zabpehely<br>100 gramm r\u00e9tesliszt<br>1 csomag expressz \u00e9leszt\u0151<br>50 gramm vaj<br>50 milliliter tej<br>2 eg\u00e9sz toj\u00e1s<br>1 tk s\u00f3<br>reszelt sajt, vagy szez\u00e1mmag a tetej\u00e9re<br><br><br><div><b>ELK\u00c9SZ\u00cdT\u00c9S<\/b><\/div><div><b><br><\/b><\/div><div>A szoba h\u0151m\u00e9rs\u00e9klet\u0171 hozz\u00e1val\u00f3kat gy\u00farjuk \u00f6ssze, majd tegy\u00fck f\u00e9lre f\u00e9l \u00f3r\u00e1t pihenni.<\/div><div>A s\u00fct\u0151t meleg\u00edts\u00fck el\u0151 200\u00b0C-ra.\u00a0<\/div><div>Lisztezett deszk\u00e1n gy\u00farjuk \u00e1t a t\u00e9szt\u00e1t, majd pog\u00e1csaszaggat\u00f3val sz\u00farjuk ki. Tegy\u00fck egy s\u00fct\u0151pap\u00edrral b\u00e9lelt tepsire, sz\u00f3rjuk meg reszelt sajttal, \u00e9s az el\u0151meleg\u00edtett s\u00fct\u0151ben s\u00fcss\u00fck kb 20-25 percig, am\u00edg sz\u00e9p sz\u00ednt nem kapnak a korongok.\u00a0<\/div><div><br><\/div><div><a href=\"https:\/\/www.facebook.com\/pages\/Chez-Sandra-G\/139727862736675?fref=ts\" target=\"_blank\">Egy kis francia, egy kis magyar. Olykor pedig teljesen m\u00e1s! Kalandoz\u00e1s a konyh\u00e1n innen \u00e9s t\u00fal! Tarts Vel\u00fcnk a Facebookon is!<\/a><\/div>","type":"rich"}