{"version":"1.0","provider_name":"Chez Sandra","provider_url":"https:\/\/chezsandra.cafeblog.hu","author_name":"ChezSandra","author_url":"https:\/\/chezsandra.cafeblog.hu\/author\/chezsandra\/","title":"P\u00c1RIZSI MELEGSZENDVICSKR\u00c9M (GLUT\u00c9N-, LISZT-, TOJ\u00c1S, FEH\u00c9R CUKORMENTES)","html":"<div style=\"text-align: justify\">Gyors melegszendvicskr\u00e9m\u00fcnk egy finom k\u00e1v\u00e9 vagy tea mell\u00e9. A <a href=\"http:\/\/retronom.hu\/node\/6029\" target=\"_blank\" rel=\"noopener noreferrer\">party-grill<\/a> sok h\u00e1ztart\u00e1sban megtal\u00e1lhat\u00f3 (volt), sok helyen m\u00e9g ma is haszn\u00e1latban van. Eml\u00e9kszem N\u00e1lunk is mekkora \u00f6r\u00f6m volt, amikor (\u00e1ltal\u00e1ban p\u00e9ntek est\u00e9nk\u00e9nt) Mi gyerekek a beletett melegszendvics\u00fcnket lest\u00fck, hogy megs\u00fclt-e m\u00e1r, mert az illata \u00a0mennyei volt.\u00a0P\u00e1r perc alatt \u00a0k\u00e9sz: csak \u00f6ssze\u00e1ll\u00edtjuk a kr\u00e9met, megsz\u00f3rjuk reszelt sajttal, \u00e9s addig s\u00fctj\u00fck m\u00edg a tetej\u00e9n a sajt sz\u00e9p sz\u00ednt nem kap.<\/div>\r\n<div><b>\u00a0<\/b><\/div>\r\n<div style=\"text-align: justify\"><b>A p\u00e1rizsit\u00f3l f\u00fcgg\u0151en a melegszendvicskr\u00e9m a glut\u00e9n-, liszt-, toj\u00e1smentes di\u00e9t\u00e1kban fogyaszthat\u00f3, hozz\u00e1adott cukrot nem tartalmaz!<\/b><\/div>\r\n<div>\u00a0<\/div>\r\n<div><b>\u00a0<\/b><\/div>\r\n<div><a href=\"http:\/\/3.bp.blogspot.com\/-ovusyUFKSTo\/UbV3MR2G0oI\/AAAAAAAAbUc\/5fub9X-Z8hI\/s1600\/melegszendo_fekvo.JPG\"><img class=\"aligncenter\" src=\"https:\/\/chezsandra.cafeblog.hu\/files\/2013\/06\/melegszendo_fekvo.jpg\" alt=\"\" width=\"640\" height=\"480\" border=\"0\" \/><\/a><\/div>\r\n<div>\u00a0<\/div>\r\n<div>\u00a0<\/div>\r\n<div style=\"text-align: center\"><b>HOZZ\u00c1VAL\u00d3K<\/b><\/div>\r\n<p>&nbsp;<\/p>\r\n<p>150 gramm p\u00e1rizsi <br \/>125 gramm nat\u00far joghurt <br \/>1 kisebb salotta hagyma <br \/>1 kk must\u00e1r frissen \u0151r\u00f6lt tarka bors <br \/>s\u00f3 <br \/>1\/2 kk \u0151r\u00f6lt szerecsendi\u00f3 <br \/>1 fokhagymagerezd<\/p>\r\n<div>\u00a0<\/div>\r\n<div style=\"text-align: center\"><b>ELK\u00c9SZ\u00cdT\u00c9S<\/b><\/div>\r\n<div>\u00a0<\/div>\r\n<div>A s\u00fct\u0151t kapcsoljuk be grill fokozatra.<\/div>\r\n<div>A p\u00e1rizsit dar\u00e1ljuk le (vagy tegy\u00fck egy apr\u00edt\u00f3ba) a gerezd fokhagym\u00e1val \u00e9s salott\u00e1val egy\u00fctt.<\/div>\r\n<div style=\"text-align: justify\">A nat\u00far joghurtot keverj\u00fck el a must\u00e1rral, majd keverj\u00fck \u00f6ssze a p\u00e1rizsis massz\u00e1val, \u00edzes\u00edts\u00fck s\u00f3val, \u00e9s frissen \u0151r\u00f6lt tarka borssal.<\/div>\r\n<div style=\"text-align: justify\">A kr\u00e9met kenj\u00fck a keny\u00e9r vagy baguette szeletekre, majd a \u00a0tetej\u00e9t sz\u00f3rjuk meg reszelt sajttal. N\u00e9h\u00e1ny perc alatt k\u00e9szre s\u00fctj\u00fck. (am\u00edg a teteje sz\u00ednt kap). Langyosan fogyasztjuk.<\/div>\r\n<div>\u00a0<\/div>\r\n<div>\u00a0<\/div>\r\n<div><a href=\"http:\/\/3.bp.blogspot.com\/-C1qI1uPufkM\/UbV3NsDHM4I\/AAAAAAAAbUk\/rCs8kOtXCxk\/s1600\/melegszendo_allo.JPG\"><img class=\"aligncenter\" src=\"https:\/\/chezsandra.cafeblog.hu\/files\/2013\/06\/melegszendo_allo.jpg\" alt=\"\" width=\"480\" height=\"640\" border=\"0\" \/><\/a><\/div>\r\n<div>\u00a0<\/div>\r\n<div>\u00a0<\/div>\r\n<div>\u00a0<\/div>\r\n<div>\r\n<div><a href=\"https:\/\/www.facebook.com\/chezsandrag\" target=\"_blank\" rel=\"noopener noreferrer\">Facebookon is ott vagyok, csatlakozz Hozz\u00e1m!<\/a><\/div>\r\n<div><a style=\"color: #69968f\" href=\"https:\/\/www.facebook.com\/chezsandrag\" target=\"_blank\" rel=\"noopener noreferrer\"><img class=\"aligncenter size-large wp-image-3534\" src=\"https:\/\/chezsandra.cafeblog.hu\/files\/2014\/06\/cs_fb-600x268.jpg\" alt=\"cs_fb\" width=\"600\" height=\"268\" \/><\/a><\/div>\r\n<\/div>","type":"rich"}