{"version":"1.0","provider_name":"Chez Sandra","provider_url":"https:\/\/chezsandra.cafeblog.hu","author_name":"ChezSandra","author_url":"https:\/\/chezsandra.cafeblog.hu\/author\/chezsandra\/","title":"RAKOTT CSICS\u00d3KA (glut\u00e9n- liszt- hozz\u00e1adott cukormentes)","html":"<div style=\"text-align: justify\">Jav\u00e1ban tart a <a href=\"http:\/\/chez-sandra.blogspot.fr\/2012\/11\/csicsoka-topinambour.html\" target=\"_blank\">csics\u00f3kaszezon<\/a>, ez\u00e9rt most egy \u00fajabb csics\u00f3k\u00e1b\u00f3l k\u00e9sz\u00fclt finom - s\u00fct\u0151ben k\u00e9sz\u00fclt rakott - fog\u00e1st hoztam. A\u00a0rakott burgonya sokak \u00e1ltal kedvelt finom fog\u00e1s, pr\u00f3b\u00e1ljuk ki csics\u00f3k\u00e1b\u00f3l is. M\u00e1r ha b\u00edrjuk a csics\u00f3k\u00e1t!<\/div>\r\n<div><b><i>\u00a0<\/i><\/b><\/div>\r\n<div><b><i>A glut\u00e9n- liszt- cukormentes di\u00e9t\u00e1kba beilleszthet\u0151!<\/i><\/b><\/div>\r\n<div>Ha virslit is elhagyjuk, akkor a h\u00fasmentes di\u00e9t\u00e1kba is fogyaszthat\u00f3.<\/div>\r\n<div><\/div>\r\n<div><a href=\"http:\/\/1.bp.blogspot.com\/-freBqnn5aiQ\/UVFsg9-yiWI\/AAAAAAAAacc\/-KuhOVtrudg\/s1600\/rakott+csics%C3%B3ka.jpg\"><img class=\"aligncenter\" src=\"https:\/\/chezsandra.cafeblog.hu\/files\/2013\/03\/rakott-csics\u00f3ka.jpg\" alt=\"\" width=\"640\" height=\"480\" border=\"0\" \/><\/a><\/div>\r\n<div><\/div>\r\n<div><\/div>\r\n<div>\r\n<div style=\"text-align: center\"><b>HOZZ\u00c1VAL\u00d3K<\/b><\/div>\r\n2 db toj\u00e1s\r\n1 dl tej\r\n2 dl tejf\u00f6l\r\n400 gramm csics\u00f3ka\r\n1 csipet s\u00f3, bors\r\n2 db virsli\r\n\r\n<\/div>\r\n<div style=\"text-align: center\"><b>ELK\u00c9SZ\u00cdT\u00c9S<\/b><\/div>\r\n<div><\/div>\r\n<div style=\"text-align: justify\">A csics\u00f3k\u00e1kat \u00e1ztassuk be hideg v\u00edzbe, majd z\u00f6lds\u00e9gkef\u00e9vel alaposan sik\u00e1ljuk meg. Tiszt\u00edtsuk meg, majd v\u00e1gjuk fel kb ujjnyi vastag karik\u00e1kra. Amikor m\u00e1r majdnem puha, tegy\u00fck mell\u00e9 a megmosott toj\u00e1sokat is, \u00e9s f\u0151zz\u00fck addig, am\u00edg a csics\u00f3ka meg nem puhul.<\/div>\r\n<div style=\"text-align: justify\">Tiszt\u00edtsuk meg, \u00e9s karik\u00e1zzuk fel a toj\u00e1sokat \u00e9s virsliket.<\/div>\r\n<div style=\"text-align: justify\">A s\u00fct\u0151t meleg\u00edts\u00fck el\u0151 200\u00b0Cra.<\/div>\r\n<div style=\"text-align: justify\">Egy s\u00fct\u0151t\u00e1l alj\u00e1ba kanalazzunk egy kev\u00e9s tejf\u00f6lt, s\u00f3zzuk, borsozzuk, majd pakoljunk r\u00e1 egy r\u00e9teg csics\u00f3k\u00e1t.<\/div>\r\n<div style=\"text-align: justify\">A marad\u00e9k tejf\u00f6lt keverj\u00fck el a tejjel, majd alaposan s\u00f3zzuk, borsozzuk meg.<\/div>\r\n<div style=\"text-align: justify\">A csics\u00f3kar\u00e9tegre tegy\u00fcnk egy p\u00e1r karika virslit, majd a toj\u00e1sszeleteket. Tegy\u00fcnk r\u00e1 m\u00e9g egy csics\u00f3kar\u00e9teget, majd \u00f6nts\u00fck r\u00e1 a tejf\u00f6l\u00f6s \u00f6ntet fel\u00e9t.<\/div>\r\n<div style=\"text-align: justify\">Ism\u00e9telj\u00fck meg a r\u00e9tegez\u00e9st (virlis-toj\u00e1s szeletekkel) majd z\u00e1r\u00e1sk\u00e9n tegy\u00fck r\u00e1 a csics\u00f3kakarik\u00e1kat, \u00e9s \u00f6nts\u00fck r\u00e1 a marad\u00e9k sz\u00f3szt.<\/div>\r\n<div style=\"text-align: justify\">El\u0151meleg\u00edtett s\u00fct\u0151ben s\u00fcss\u00fck addig, am\u00edg megpirul a teteje.<\/div>\r\n<div style=\"text-align: justify\"><\/div>\r\n<p style=\"text-align: justify\">Egy kis francia, egy kis magyar. Olykor pedig teljesen m\u00e1s! Kalandoz\u00e1s a konyh\u00e1n innen \u00e9s t\u00fal! Tarts Vel\u00fcnk a Facebookon is!<\/p>","type":"rich"}