{"version":"1.0","provider_name":"Chez Sandra","provider_url":"https:\/\/chezsandra.cafeblog.hu","author_name":"ChezSandra","author_url":"https:\/\/chezsandra.cafeblog.hu\/author\/chezsandra\/","title":"LISZTMENTES KEVERT ALMAS (glut\u00e9n-, liszt-, tej-, feh\u00e9r cukormentes)","html":"<div>\r\n<div>Egy finom \u00e9s egyszer\u0171 lisztmentes alm\u00e1s-mandul\u00e1s pisk\u00f3t\u00e1t hoztam ma az <a href=\"http:\/\/chez-sandra.blogspot.fr\/search\/label\/%C3%89DES%20P%C3%89NTEK\" target=\"_blank\">\u00c9DES P\u00c9NTEK<\/a>\u00a0keret\u00e9n bel\u00fcl. A receptben szerepl\u0151 dar\u00e1lt mandul\u00e1t szabadon lecser\u00e9lhetj\u00fck m\u00e1s dar\u00e1lt magra is.<\/div>\r\n<div><b><i>A glut\u00e9n-, liszt-, cukor-, tejmentes di\u00e9t\u00e1kba beilleszthet\u0151!<\/i><\/b><\/div>\r\n<\/div>\r\n<div><b>\u00a0<\/b><\/div>\r\n<div><a href=\"http:\/\/1.bp.blogspot.com\/-o6FagnEXVzs\/UTnjgPdIybI\/AAAAAAAAaUw\/U5lMFVBqQQM\/s1600\/fot%C3%B3+(29).JPG\"><img src=\"https:\/\/chezsandra.cafeblog.hu\/files\/2013\/03\/fot\u00f3-29.jpg\" alt=\"\" width=\"480\" height=\"640\" border=\"0\" \/><\/a><\/div>\r\n<div><b>\u00a0<\/b><\/div>\r\n<div><b>\u00a0<\/b><\/div>\r\n<div><b>HOZZ\u00c1VAL\u00d3K<\/b><\/div>\r\n6 toj\u00e1s\r\n4 ek ny\u00edrfacukor\r\n300 gramm alma\r\n1 kk sz\u00f3dabikarb\u00f3na\r\n1 kk \u0151r\u00f6lt fah\u00e9j\r\n<div>0,5 kk \u0151r\u00f6lt gy\u00f6mb\u00e9r\r\n250 gramm dar\u00e1lt mandula\r\n4 ek ribizlilekv\u00e1r<\/div>\r\n<div><\/div>\r\n<div><b>ELK\u00c9SZ\u00cdT\u00c9S<\/b><\/div>\r\n<div><b>\u00a0<\/b><\/div>\r\n<div>\r\n<div>Az alm\u00e1kat tiszt\u00edtsuk meg, \u00e9s nagy lyuk\u00fa reszel\u0151n reszelj\u00fck le. P\u00e1roljuk meg a ny\u00edrfacukorral, a fah\u00e9jjal \u00e9s a gy\u00f6mb\u00e9rrel egy\u00fctt. Tegy\u00fck f\u00e9lre h\u0171lni.<\/div>\r\n<div>A toj\u00e1sok feh\u00e9rj\u00e9t verj\u00fck egy csipet s\u00f3val kem\u00e9ny habb\u00e1.<\/div>\r\n<div>A kih\u0171lt p\u00e1rolt alm\u00e1khoz keverj\u00fck hozz\u00e1 a toj\u00e1sok s\u00e1rg\u00e1it, \u00e9s a sz\u00f3dabikarb\u00f3n\u00e1val \u00f6sszekevert dar\u00e1lt mandul\u00e1t.<\/div>\r\n<div>Kanalazzuk egy kerek (24 centi \u00e1tm\u00e9r\u0151j\u0171) szilikonform\u00e1ba, \u00e9s 175\u00b0Cra el\u0151meleg\u00edtett s\u00fct\u0151ben s\u00fcss\u00fck 20 percig. 20 perc ut\u00e1n vegy\u00fck ki a s\u00fct\u0151b\u0151l, \u00e9s kenj\u00fck meg a lekv\u00e1rral.<\/div>\r\n<\/div>\r\n<div>\r\n<div>Kanalazzuk egy habzs\u00e1kba a kem\u00e9nny\u00e9 vert feh\u00e9rjehabot (ha nincs, egy uzsonn\u00e1s zacsk\u00f3 is j\u00f3 ha lev\u00e1gjuk a sark\u00e1t!) \u00e9s nyomjuk a lekv\u00e1ros tetej\u00e9re. Tegy\u00fck vissza a s\u00fct\u0151be \u00fajabb 20 percre (am\u00edg enyhe barna sz\u00ednt kap a hab), majd langyosra h\u0171lve fagylalttal t\u00e1laljuk.<\/div>\r\n<div><\/div>\r\n<div><a href=\"http:\/\/2.bp.blogspot.com\/-HOxt2NIHFLc\/UTnjlJxmHGI\/AAAAAAAAaVE\/Y8-v20HApsg\/s1600\/fot%25C3%25B3+%252831%2529.JPG\"><img src=\"https:\/\/chezsandra.cafeblog.hu\/files\/2013\/03\/fot%C3%B3-%2831%29.jpg\" alt=\"\" width=\"240\" height=\"320\" border=\"0\" \/><\/a><a href=\"http:\/\/3.bp.blogspot.com\/-KIHuSKJViJ0\/UTnjjLyI8VI\/AAAAAAAAaU8\/JpsV1mxcwdE\/s1600\/fot%25C3%25B3+%252830%2529.JPG\"><img src=\"https:\/\/chezsandra.cafeblog.hu\/files\/2013\/03\/fot%C3%B3-%2830%29.jpg\" alt=\"\" width=\"240\" height=\"320\" border=\"0\" \/><\/a><\/div>\r\n<div><\/div>\r\n<a href=\"https:\/\/www.facebook.com\/pages\/Chez-Sandra-G\/139727862736675?fref=ts\" target=\"_blank\">Egy kis francia, egy kis magyar. Olykor pedig teljesen m\u00e1s! Kalandoz\u00e1s a konyh\u00e1n innen \u00e9s t\u00fal! Tarts Vel\u00fcnk a Facebookon is!<\/a>\r\n\r\n<\/div>","type":"rich"}